{"id":5,"date":"2009-06-02T12:09:17","date_gmt":"2009-06-02T10:09:17","guid":{"rendered":"https:\/\/www.opinioneslibres.es\/apesardetodo\/?page_id=2"},"modified":"2018-10-28T17:28:59","modified_gmt":"2018-10-28T17:28:59","slug":"informacion","status":"publish","type":"page","link":"https:\/\/www.opinioneslibres.es\/apesardetodo\/?page_id=5","title":{"rendered":"Sobre m\u00ed"},"content":{"rendered":"<p style=\"text-align: left;\">No estoy seguro de que para poder leerme sea imprescindible conocer mi formaci\u00f3n acad\u00e9mica o mi bagaje profesional. Ni siquiera es preciso saber de mi trayectoria ideol\u00f3gica, la que me ha permitido, sin duda, estar hoy aqu\u00ed. Porque si me han invitado a formar parte de esta revista digital es por mi pasado pol\u00edtico. Creo que eso es lo que me ha homologado como <em>opin\u00f3logo<\/em>. Por supuesto, mi vida privada es s\u00f3lo m\u00eda y de quienes la comparten conmigo porque yo as\u00ed lo he querido.<\/p>\n<p style=\"text-align: left;\">Soy inquieto, curioso, extrovertido, charlat\u00e1n, un poco payaso. Pero un trabajador serio y responsable, que sabe d\u00f3nde y cu\u00e1ndo estar como hay que estar.<\/p>\n<p><img loading=\"lazy\" decoding=\"async\" class=\"alignright  wp-image-964\" style=\"caret-color: #000000; color: #000000; font-family: -webkit-standard;\" alt=\"IMG_3078\" src=\"https:\/\/www.opinioneslibres.es\/apesardetodo\/wp-content\/uploads\/2009\/06\/IMG_3078-300x300.jpg\" width=\"216\" height=\"216\" srcset=\"https:\/\/www.opinioneslibres.es\/apesardetodo\/wp-content\/uploads\/2009\/06\/IMG_3078-300x300.jpg 300w, https:\/\/www.opinioneslibres.es\/apesardetodo\/wp-content\/uploads\/2009\/06\/IMG_3078-150x150.jpg 150w, https:\/\/www.opinioneslibres.es\/apesardetodo\/wp-content\/uploads\/2009\/06\/IMG_3078.jpg 960w\" sizes=\"auto, (max-width: 216px) 100vw, 216px\" \/><\/p>\n<p style=\"text-align: left;\">Soy de izquierdas, progresista, exmilitante con carn\u00e9 de un partido, y he ocupado cargos p\u00fablicos. Pero por encima de todo eso, me tengo por un dem\u00f3crata convencido que tiene como banderas la Libertad y la Justicia. A los dem\u00e1s les exijo el mismo respeto que yo les tengo.<\/p>\n<p style=\"text-align: left;\">A trav\u00e9s de lo que escribo se me puede conocer. Trato de ser sencillo en mis ideas, y directo al exponerlas y defenderlas. No huyo de la confrontaci\u00f3n del pensamiento, pero siempre que se juegue con inteligencia, porque lo vulgar me aburre.<\/p>\n<p style=\"text-align: left;\">Mis escritos en este blog est\u00e1n abiertos a la cr\u00edtica, porque s\u00f3lo con la cr\u00edtica se mejoran presentes y se construyen futuros.<\/p>\n<p style=\"text-align: left;\">Todo esto soy yo. Nada excepcional, todo corriente. S\u00f3lo yo.<\/p>\n","protected":false},"excerpt":{"rendered":"<p>No estoy seguro de que para poder leerme sea imprescindible conocer mi formaci\u00f3n acad\u00e9mica o mi bagaje profesional. Ni siquiera es preciso saber de mi trayectoria ideol\u00f3gica, la que me ha permitido, sin duda, estar hoy aqu\u00ed. Porque si me han invitado a formar parte de esta revista digital es por mi pasado pol\u00edtico. Creo [&#8230;]<\/p>\n","protected":false},"author":2,"featured_media":0,"parent":0,"menu_order":0,"comment_status":"closed","ping_status":"open","template":"","meta":{"footnotes":""},"class_list":["post-5","page","type-page","status-publish","hentry"],"_links":{"self":[{"href":"https:\/\/www.opinioneslibres.es\/apesardetodo\/index.php?rest_route=\/wp\/v2\/pages\/5","targetHints":{"allow":["GET"]}}],"collection":[{"href":"https:\/\/www.opinioneslibres.es\/apesardetodo\/index.php?rest_route=\/wp\/v2\/pages"}],"about":[{"href":"https:\/\/www.opinioneslibres.es\/apesardetodo\/index.php?rest_route=\/wp\/v2\/types\/page"}],"author":[{"embeddable":true,"href":"https:\/\/www.opinioneslibres.es\/apesardetodo\/index.php?rest_route=\/wp\/v2\/users\/2"}],"replies":[{"embeddable":true,"href":"https:\/\/www.opinioneslibres.es\/apesardetodo\/index.php?rest_route=%2Fwp%2Fv2%2Fcomments&post=5"}],"version-history":[{"count":6,"href":"https:\/\/www.opinioneslibres.es\/apesardetodo\/index.php?rest_route=\/wp\/v2\/pages\/5\/revisions"}],"predecessor-version":[{"id":965,"href":"https:\/\/www.opinioneslibres.es\/apesardetodo\/index.php?rest_route=\/wp\/v2\/pages\/5\/revisions\/965"}],"wp:attachment":[{"href":"https:\/\/www.opinioneslibres.es\/apesardetodo\/index.php?rest_route=%2Fwp%2Fv2%2Fmedia&parent=5"}],"curies":[{"name":"wp","href":"https:\/\/api.w.org\/{rel}","templated":true}]}}